{"id":3817,"date":"2022-05-23T13:24:41","date_gmt":"2022-05-23T11:24:41","guid":{"rendered":"https:\/\/www.chesnaie.eu\/?post_type=event&#038;p=3817"},"modified":"2022-05-23T13:24:41","modified_gmt":"2022-05-23T11:24:41","slug":"soiree-des-ados","status":"publish","type":"event","link":"http:\/\/www.chesnaie.eu\/de\/event\/soiree-des-ados\/","title":{"rendered":"Soir\u00e9e des ados"},"content":{"rendered":"<div class=\"swpm-post-not-logged-in-msg\">Sie m\u00fcssen sich anmelden, um diesen Inhalt einsehen zu k\u00f6nnen. Bitte <a class=\"swpm-login-link\" href=\"http:\/\/www.chesnaie.eu\/acces-client\/vous-identifier\/\">Anmelden<\/a>. Kein Mitglied? <a href=\"http:\/\/www.chesnaie.eu\/acces-client\/\">Werden Sie Mitglied bei uns<\/a><\/div>","protected":false},"excerpt":{"rendered":"<p>Sie m\u00fcssen sich anmelden, um diesen Inhalt einsehen zu k\u00f6nnen. Bitte Anmelden. Kein Mitglied? Werden Sie Mitglied bei uns<\/p>","protected":false},"author":1,"featured_media":1229,"comment_status":"open","ping_status":"closed","template":"","categories":[25],"tags":[83],"class_list":["post-3817","event","type-event","status-publish","has-post-thumbnail","hentry","category-evenement","tag-soiree"],"yoast_head":"<!-- This site is optimized with the Yoast SEO plugin v26.9 - https:\/\/yoast.com\/product\/yoast-seo-wordpress\/ -->\n<title>Soir\u00e9e des ados - Parc de la Chesnaie<\/title>\n<meta name=\"robots\" content=\"noindex, follow\" \/>\n<meta property=\"og:locale\" content=\"de_DE\" \/>\n<meta property=\"og:type\" content=\"article\" \/>\n<meta property=\"og:title\" content=\"Soir\u00e9e des ados - Parc de la Chesnaie\" \/>\n<meta property=\"og:description\" content=\"Sie m\u00fcssen sich anmelden, um diesen Inhalt einsehen zu k\u00f6nnen. Bitte Anmelden. Kein Mitglied? Werden Sie Mitglied bei uns\" \/>\n<meta property=\"og:url\" content=\"http:\/\/www.chesnaie.eu\/de\/event\/soiree-des-ados\/\" \/>\n<meta property=\"og:site_name\" content=\"Parc de la Chesnaie\" \/>\n<meta property=\"og:image\" content=\"http:\/\/www.chesnaie.eu\/wp-content\/uploads\/2018\/08\/soiree_deguisee_petit.jpg\" \/>\n\t<meta property=\"og:image:width\" content=\"300\" \/>\n\t<meta property=\"og:image:height\" content=\"300\" \/>\n\t<meta property=\"og:image:type\" content=\"image\/jpeg\" \/>\n<meta name=\"twitter:card\" content=\"summary_large_image\" \/>\n<script type=\"application\/ld+json\" class=\"yoast-schema-graph\">{\"@context\":\"https:\/\/schema.org\",\"@graph\":[{\"@type\":\"WebPage\",\"@id\":\"http:\/\/www.chesnaie.eu\/en\/event\/soiree-des-ados\/\",\"url\":\"http:\/\/www.chesnaie.eu\/en\/event\/soiree-des-ados\/\",\"name\":\"Soir\u00e9e des ados - Parc de la Chesnaie\",\"isPartOf\":{\"@id\":\"https:\/\/www.chesnaie.eu\/#website\"},\"primaryImageOfPage\":{\"@id\":\"http:\/\/www.chesnaie.eu\/en\/event\/soiree-des-ados\/#primaryimage\"},\"image\":{\"@id\":\"http:\/\/www.chesnaie.eu\/en\/event\/soiree-des-ados\/#primaryimage\"},\"thumbnailUrl\":\"http:\/\/www.chesnaie.eu\/wp-content\/uploads\/2018\/08\/soiree_deguisee_petit.jpg\",\"datePublished\":\"2022-05-23T11:24:41+00:00\",\"breadcrumb\":{\"@id\":\"http:\/\/www.chesnaie.eu\/en\/event\/soiree-des-ados\/#breadcrumb\"},\"inLanguage\":\"de\",\"potentialAction\":[{\"@type\":\"ReadAction\",\"target\":[\"http:\/\/www.chesnaie.eu\/en\/event\/soiree-des-ados\/\"]}]},{\"@type\":\"ImageObject\",\"inLanguage\":\"de\",\"@id\":\"http:\/\/www.chesnaie.eu\/en\/event\/soiree-des-ados\/#primaryimage\",\"url\":\"http:\/\/www.chesnaie.eu\/wp-content\/uploads\/2018\/08\/soiree_deguisee_petit.jpg\",\"contentUrl\":\"http:\/\/www.chesnaie.eu\/wp-content\/uploads\/2018\/08\/soiree_deguisee_petit.jpg\",\"width\":300,\"height\":300,\"caption\":\"icone soir\u00e9e d\u00e9guis\u00e9e\"},{\"@type\":\"BreadcrumbList\",\"@id\":\"http:\/\/www.chesnaie.eu\/en\/event\/soiree-des-ados\/#breadcrumb\",\"itemListElement\":[{\"@type\":\"ListItem\",\"position\":1,\"name\":\"Accueil\",\"item\":\"https:\/\/www.chesnaie.eu\/\"},{\"@type\":\"ListItem\",\"position\":2,\"name\":\"Events\",\"item\":\"http:\/\/www.chesnaie.eu\/en\/event\/\"},{\"@type\":\"ListItem\",\"position\":3,\"name\":\"Soir\u00e9e des ados\"}]},{\"@type\":\"WebSite\",\"@id\":\"https:\/\/www.chesnaie.eu\/#website\",\"url\":\"https:\/\/www.chesnaie.eu\/\",\"name\":\"Parc de la Chesnaie\",\"description\":\"Parc r\u00e9sidentiel de loisirs\",\"publisher\":{\"@id\":\"https:\/\/www.chesnaie.eu\/#organization\"},\"potentialAction\":[{\"@type\":\"SearchAction\",\"target\":{\"@type\":\"EntryPoint\",\"urlTemplate\":\"https:\/\/www.chesnaie.eu\/?s={search_term_string}\"},\"query-input\":{\"@type\":\"PropertyValueSpecification\",\"valueRequired\":true,\"valueName\":\"search_term_string\"}}],\"inLanguage\":\"de\"},{\"@type\":\"Organization\",\"@id\":\"https:\/\/www.chesnaie.eu\/#organization\",\"name\":\"Parc de la Chesnaie\",\"url\":\"https:\/\/www.chesnaie.eu\/\",\"logo\":{\"@type\":\"ImageObject\",\"inLanguage\":\"de\",\"@id\":\"https:\/\/www.chesnaie.eu\/#\/schema\/logo\/image\/\",\"url\":\"https:\/\/www.chesnaie.eu\/wp-content\/uploads\/2020\/04\/logo-s.png\",\"contentUrl\":\"https:\/\/www.chesnaie.eu\/wp-content\/uploads\/2020\/04\/logo-s.png\",\"width\":100,\"height\":100,\"caption\":\"Parc de la Chesnaie\"},\"image\":{\"@id\":\"https:\/\/www.chesnaie.eu\/#\/schema\/logo\/image\/\"}}]}<\/script>\n<!-- \/ Yoast SEO plugin. -->","yoast_head_json":{"title":"Soir\u00e9e des ados - Parc de la Chesnaie","robots":{"index":"noindex","follow":"follow"},"og_locale":"de_DE","og_type":"article","og_title":"Soir\u00e9e des ados - Parc de la Chesnaie","og_description":"Sie m\u00fcssen sich anmelden, um diesen Inhalt einsehen zu k\u00f6nnen. Bitte Anmelden. Kein Mitglied? Werden Sie Mitglied bei uns","og_url":"http:\/\/www.chesnaie.eu\/de\/event\/soiree-des-ados\/","og_site_name":"Parc de la Chesnaie","og_image":[{"width":300,"height":300,"url":"http:\/\/www.chesnaie.eu\/wp-content\/uploads\/2018\/08\/soiree_deguisee_petit.jpg","type":"image\/jpeg"}],"twitter_card":"summary_large_image","schema":{"@context":"https:\/\/schema.org","@graph":[{"@type":"WebPage","@id":"http:\/\/www.chesnaie.eu\/en\/event\/soiree-des-ados\/","url":"http:\/\/www.chesnaie.eu\/en\/event\/soiree-des-ados\/","name":"Soir\u00e9e des ados - Parc de la Chesnaie","isPartOf":{"@id":"https:\/\/www.chesnaie.eu\/#website"},"primaryImageOfPage":{"@id":"http:\/\/www.chesnaie.eu\/en\/event\/soiree-des-ados\/#primaryimage"},"image":{"@id":"http:\/\/www.chesnaie.eu\/en\/event\/soiree-des-ados\/#primaryimage"},"thumbnailUrl":"http:\/\/www.chesnaie.eu\/wp-content\/uploads\/2018\/08\/soiree_deguisee_petit.jpg","datePublished":"2022-05-23T11:24:41+00:00","breadcrumb":{"@id":"http:\/\/www.chesnaie.eu\/en\/event\/soiree-des-ados\/#breadcrumb"},"inLanguage":"de","potentialAction":[{"@type":"ReadAction","target":["http:\/\/www.chesnaie.eu\/en\/event\/soiree-des-ados\/"]}]},{"@type":"ImageObject","inLanguage":"de","@id":"http:\/\/www.chesnaie.eu\/en\/event\/soiree-des-ados\/#primaryimage","url":"http:\/\/www.chesnaie.eu\/wp-content\/uploads\/2018\/08\/soiree_deguisee_petit.jpg","contentUrl":"http:\/\/www.chesnaie.eu\/wp-content\/uploads\/2018\/08\/soiree_deguisee_petit.jpg","width":300,"height":300,"caption":"icone soir\u00e9e d\u00e9guis\u00e9e"},{"@type":"BreadcrumbList","@id":"http:\/\/www.chesnaie.eu\/en\/event\/soiree-des-ados\/#breadcrumb","itemListElement":[{"@type":"ListItem","position":1,"name":"Accueil","item":"https:\/\/www.chesnaie.eu\/"},{"@type":"ListItem","position":2,"name":"Events","item":"http:\/\/www.chesnaie.eu\/en\/event\/"},{"@type":"ListItem","position":3,"name":"Soir\u00e9e des ados"}]},{"@type":"WebSite","@id":"https:\/\/www.chesnaie.eu\/#website","url":"https:\/\/www.chesnaie.eu\/","name":"Parc de la Chesnaie","description":"Parc r\u00e9sidentiel de loisirs","publisher":{"@id":"https:\/\/www.chesnaie.eu\/#organization"},"potentialAction":[{"@type":"SearchAction","target":{"@type":"EntryPoint","urlTemplate":"https:\/\/www.chesnaie.eu\/?s={search_term_string}"},"query-input":{"@type":"PropertyValueSpecification","valueRequired":true,"valueName":"search_term_string"}}],"inLanguage":"de"},{"@type":"Organization","@id":"https:\/\/www.chesnaie.eu\/#organization","name":"Parc de la Chesnaie","url":"https:\/\/www.chesnaie.eu\/","logo":{"@type":"ImageObject","inLanguage":"de","@id":"https:\/\/www.chesnaie.eu\/#\/schema\/logo\/image\/","url":"https:\/\/www.chesnaie.eu\/wp-content\/uploads\/2020\/04\/logo-s.png","contentUrl":"https:\/\/www.chesnaie.eu\/wp-content\/uploads\/2020\/04\/logo-s.png","width":100,"height":100,"caption":"Parc de la Chesnaie"},"image":{"@id":"https:\/\/www.chesnaie.eu\/#\/schema\/logo\/image\/"}}]}},"_links":{"self":[{"href":"http:\/\/www.chesnaie.eu\/de\/wp-json\/wp\/v2\/event\/3817","targetHints":{"allow":["GET"]}}],"collection":[{"href":"http:\/\/www.chesnaie.eu\/de\/wp-json\/wp\/v2\/event"}],"about":[{"href":"http:\/\/www.chesnaie.eu\/de\/wp-json\/wp\/v2\/types\/event"}],"author":[{"embeddable":true,"href":"http:\/\/www.chesnaie.eu\/de\/wp-json\/wp\/v2\/users\/1"}],"replies":[{"embeddable":true,"href":"http:\/\/www.chesnaie.eu\/de\/wp-json\/wp\/v2\/comments?post=3817"}],"version-history":[{"count":1,"href":"http:\/\/www.chesnaie.eu\/de\/wp-json\/wp\/v2\/event\/3817\/revisions"}],"predecessor-version":[{"id":3818,"href":"http:\/\/www.chesnaie.eu\/de\/wp-json\/wp\/v2\/event\/3817\/revisions\/3818"}],"wp:featuredmedia":[{"embeddable":true,"href":"http:\/\/www.chesnaie.eu\/de\/wp-json\/wp\/v2\/media\/1229"}],"wp:attachment":[{"href":"http:\/\/www.chesnaie.eu\/de\/wp-json\/wp\/v2\/media?parent=3817"}],"wp:term":[{"taxonomy":"category","embeddable":true,"href":"http:\/\/www.chesnaie.eu\/de\/wp-json\/wp\/v2\/categories?post=3817"},{"taxonomy":"post_tag","embeddable":true,"href":"http:\/\/www.chesnaie.eu\/de\/wp-json\/wp\/v2\/tags?post=3817"}],"curies":[{"name":"wp","href":"https:\/\/api.w.org\/{rel}","templated":true}]}}